{"id":45865,"date":"2023-08-30T09:35:21","date_gmt":"2023-08-30T07:35:21","guid":{"rendered":"https:\/\/www.studiogatto.es\/cuisines-a-el-vendrell\/"},"modified":"2023-08-30T09:35:35","modified_gmt":"2023-08-30T07:35:35","slug":"cuisines-a-el-vendrell","status":"publish","type":"page","link":"https:\/\/www.studiogatto.es\/fr\/cuisines-a-el-vendrell\/","title":{"rendered":"Cuisines \u00e0 El Vendrell"},"content":{"rendered":"<p>[et_pb_section fb_built=\u00a0\u00bb1&Prime; admin_label=\u00a0\u00bbsection\u00a0\u00bb _builder_version=\u00a0\u00bb3.22&Prime; da_disable_devices=\u00a0\u00bboff|off|off\u00a0\u00bb global_colors_info=\u00a0\u00bb{}\u00a0\u00bb da_is_popup=\u00a0\u00bboff\u00a0\u00bb da_exit_intent=\u00a0\u00bboff\u00a0\u00bb da_has_close=\u00a0\u00bbon\u00a0\u00bb da_alt_close=\u00a0\u00bboff\u00a0\u00bb da_dark_close=\u00a0\u00bboff\u00a0\u00bb da_not_modal=\u00a0\u00bbon\u00a0\u00bb da_is_singular=\u00a0\u00bboff\u00a0\u00bb da_with_loader=\u00a0\u00bboff\u00a0\u00bb da_has_shadow=\u00a0\u00bbon\u00a0\u00bb][et_pb_row admin_label=\u00a0\u00bbrang\u00e9e\u00a0\u00bb _builder_version=\u00a0\u00bb3.25&Prime; background_size=\u00a0\u00bbinitial\u00a0\u00bb background_position=\u00a0\u00bbtop_left\u00a0\u00bb background_repeat=\u00a0\u00bbrepeat\u00a0\u00bb global_colors_info=\u00a0\u00bb{}\u00a0\u00bb][et_pb_column type=\u00a0\u00bb4_4&Prime; _builder_version=\u00a0\u00bb3.25&Prime; custom_padding=\u00a0\u00bb|||\u00a0\u00bb global_colors_info=\u00a0\u00bb{}\u00a0\u00bb custom_padding__hover=\u00a0\u00bb|||\u00a0\u00bb][et_pb_text admin_label=\u00a0\u00bbText\u00a0\u00bb _builder_version=\u00a0\u00bb4.4.4&Prime; background_size=\u00a0\u00bbinitial\u00a0\u00bb background_position=\u00a0\u00bbtop_left\u00a0\u00bb background_repeat=\u00a0\u00bbrepeat\u00a0\u00bb global_colors_info=\u00a0\u00bb{}\u00a0\u00bb]<\/p>\n<p>\n\n<div class=\"wp-block-image\">\n<figure class=\"aligncenter\"><img loading=\"lazy\" decoding=\"async\" width=\"800\" height=\"534\" src=\"https:\/\/www.studiogatto.es\/wp-content\/uploads\/encimera-9-1.jpg\" alt=\"Cuisines &#xE0; El Vendrell - Studio Gatto\" class=\"wp-image-8826\" srcset=\"https:\/\/www.studiogatto.es\/wp-content\/uploads\/encimera-9-1.jpg 800w, https:\/\/www.studiogatto.es\/wp-content\/uploads\/encimera-9-1-300x200.jpg 300w, https:\/\/www.studiogatto.es\/wp-content\/uploads\/encimera-9-1-768x513.jpg 768w\" sizes=\"(max-width: 800px) 100vw, 800px\" \/><\/figure>\n<\/div>\n<p><\/p><\/p>\n<p>\n\n<h2 class=\"wp-block-heading\" style=\"text-align: center;\">Cuisines \u00e0 El Vendrell<\/h2>\n<p><\/p><\/p>\n<p>\n<strong><a href=\"https:\/\/www.studiogatto.es\/fr\/\">Studio Gatto<\/a><\/strong>\u00a0lleva m\u00e1s de\u00a025 a\u00f1os\u00a0en el sector de la\u00a0reforma en <strong>cocinas en El Vendrell\u00a0<\/strong>y en la comarca del\u00a0Baix Pened\u00e9s, provincia\u00a0de Tarragona.\n<p><\/p><\/p>\n<p>\nSomos\u00a0especialistas en mobiliario de<strong> cocinas en<\/strong> <strong>El Vendrell<\/strong> <strong>\u00a0 <\/strong>y<strong> <\/strong>mobiliario de ba\u00f1o<strong>.<\/strong>\u00a0Ofrecemos y centralizamos un\u00a0servicio completo\u00a0para\u00a0reformar tu vivienda\u00a0en <strong><a href=\"https:\/\/www.elvendrell.net\/\" target=\"_blank\" rel=\"noreferrer noopener\" aria-label=\" (abre en una nueva pesta&#xF1;a)\">El Vendrell<\/a><\/strong><a href=\"https:\/\/www.elvendrell.net\/\" target=\"_blank\" rel=\"noreferrer noopener\" aria-label=\" (abre en una nueva pesta&#xF1;a)\"> <\/a><strong> <\/strong>.\n<p><\/p><\/p>\n<p>\nSiempre con\u00a0un trato personalizado, orientamos en mejorar distribuci\u00f3n, materiales y equipamiento de primera.\n<p><\/p><\/p>\n<p>\nRealizamos\u00a0un proyecto\u00a0acorde a las necesidades de cada cliente y entregamos un\u00a0presupuesto detallado de su <strong>cocina en<\/strong> <strong>El Vendrell<\/strong> sin compromiso\u00a0y de forma gratuita.\n<p><\/p><\/p>\n<p>\nContamos con un\u00a0equipo de dise\u00f1adores\u00a0y un\u00a0equipo t\u00e9cnico\u00a0siempre coordinados para ayudarte a distribuir el espacio y estructurar el proyecto paso a paso.\n<p><\/p><\/p>\n<p>\nStudio Gatto\u00a0es una empresa familiar fundada por un matrimonio italiano que inicia su aventura en\u00a01989\u00a0con la apertura de su primera tienda en\u00a0Vilanova i la Geltr\u00fa, en la\u00a0comarca del Garraf.\n<p><\/p><\/p>\n<p>\nNuestra evoluci\u00f3n siempre se apoya en los\u00a0valores\u00a0que definen nuestra\u00a0filosof\u00eda: proximidad, confianza, compromiso.\n<p><\/p><\/p>\n<p>\nEn nuestro porfolio de<strong> cocinas en<\/strong> <strong>El Vendrell<\/strong> presentamos dise\u00f1os personalizados y modernos.\n<p><\/p><\/p>\n<p>\nContamos con un amplio equipo de log\u00edstica que nos permite desplazarnos de manera r\u00e1pida para facilitar la instalaci\u00f3n de tu cocina<strong>.<\/strong>\n<p><\/p><\/p>\n<p>\nPonemos a tu disposici\u00f3n\u00a0nuestra creatividad\u00a0y\u00a0experiencia\u00a0con el fin de crear espacios pr\u00e1cticos, s\u00f3lidos y est\u00e9ticos para las mejores <strong>cocinas en<\/strong> <strong>El Vendrell<\/strong>.\n<p><\/p><\/p>\n<p>\nPresentamos\u00a0render 3D\u00a0para visualizar el resultado final.\n<p><\/p><\/p>\n<p>\nPara ofrecer nuestro servicio integral de reformas de cocinas, disponemos de los mejores especialistas como:\n<p><\/p><\/p>\n<p>\n\n<h4 class=\"wp-block-heading\" style=\"text-align: center;\">Lampistes<\/h4>\n<p><\/p><\/p>\n<p>\n\n<h4 class=\"wp-block-heading\" style=\"text-align: center;\">Plombiers<\/h4>\n<p><\/p><\/p>\n<p>\n\n<h4 class=\"wp-block-heading\" style=\"text-align: center;\">\u00c9lectriciens<\/h4>\n<p><\/p><\/p>\n<p>\n\n<h4 class=\"wp-block-heading\" style=\"text-align: center;\">Palettes<\/h4>\n<p><\/p><\/p>\n<p>\n\n<h4 class=\"wp-block-heading\" style=\"text-align: center;\">Installateurs de gaz<\/h4>\n<p><\/p><\/p>\n<p>\n\n<h4 class=\"wp-block-heading\" style=\"text-align: center;\">Installateurs de chauffage<\/h4>\n<p><\/p><\/p>\n<p>\n\u00a0\n<p><\/p><\/p>\n<p>\nEn la\u00a0reforma de tu vivienda\u00a0en\u00a0El Vendrell\u00a0contar\u00e1s\u00a0con equipo de industriales\u00a0cualificado coordinado y supervisado\u00a0por el jefe de obra durante todo el proceso. Con ello aseguramos el cumplimiento de plazos y ahorro de tiempo<strong>.<\/strong>\n<p><\/p><\/p>\n<p>\nNuestro objetivo es priorizar tus necesidades para darte el mayor confort y que disfrutes de la mejor <strong>cocina en<\/strong> <strong>El Vendrell<\/strong> .\n<p><\/p><\/p>\n<p>\nContacta <strong><a href=\"https:\/\/www.studiogatto.es\/fr\/contact\/\">AQU\u00cd<\/a> <\/strong>con nosotros para mas informaci\u00f3n sin compromiso.\n<p><\/p><\/p>\n<p>\n\n<h5 class=\"wp-block-heading\" style=\"text-align: right;\"><\/h5>\n<p><\/p><\/p>\n<p>[\/et_pb_text][\/et_pb_column][\/et_pb_row][\/et_pb_section]<\/p>\n","protected":false},"excerpt":{"rendered":"<p>Cuisines \u00e0 El Vendrell. R\u00e9formes int\u00e9grales, meubles de cuisine. &#8211; Studio Gatto<\/p>\n","protected":false},"author":1,"featured_media":0,"parent":0,"menu_order":0,"comment_status":"closed","ping_status":"closed","template":"","meta":{"_et_pb_use_builder":"on","_et_pb_old_content":"","_et_gb_content_width":"","footnotes":""},"class_list":["post-45865","page","type-page","status-publish","hentry"],"yoast_head":"<!-- This site is optimized with the Yoast SEO plugin v27.5 - https:\/\/yoast.com\/product\/yoast-seo-wordpress\/ -->\n<title>Cuisines \u00e0 El Vendrell. R\u00e9novation avec Studio Gatto<\/title>\n<meta name=\"description\" content=\"Cuisines \u00e0 El Vendrell. R\u00e9formes int\u00e9grales, meubles de cuisine. Studio Gatto : des professionnels des cuisines et des r\u00e9formes dans le Baix Pened\u00e8s.\" \/>\n<meta name=\"robots\" content=\"index, follow, max-snippet:-1, max-image-preview:large, max-video-preview:-1\" \/>\n<link rel=\"canonical\" href=\"https:\/\/www.studiogatto.es\/fr\/cuisines-a-el-vendrell\/\" \/>\n<meta property=\"og:locale\" content=\"fr_FR\" \/>\n<meta property=\"og:type\" content=\"article\" \/>\n<meta property=\"og:title\" content=\"Cuisines \u00e0 El Vendrell. R\u00e9novation avec Studio Gatto\" \/>\n<meta property=\"og:description\" content=\"Cuisines \u00e0 El Vendrell. R\u00e9formes int\u00e9grales, meubles de cuisine. Studio Gatto : des professionnels des cuisines et des r\u00e9formes dans le Baix Pened\u00e8s.\" \/>\n<meta property=\"og:url\" content=\"https:\/\/www.studiogatto.es\/fr\/cuisines-a-el-vendrell\/\" \/>\n<meta property=\"og:site_name\" content=\"Studio Gatto - Reformas, Cocinas, Ba\u00f1os\" \/>\n<meta property=\"article:publisher\" content=\"https:\/\/www.facebook.com\/studiogattocucine\" \/>\n<meta property=\"article:modified_time\" content=\"2023-08-30T07:35:35+00:00\" \/>\n<meta property=\"og:image\" content=\"https:\/\/www.studiogatto.es\/wp-content\/uploads\/encimera-9-1.jpg\" \/>\n<meta name=\"twitter:card\" content=\"summary_large_image\" \/>\n<meta name=\"twitter:site\" content=\"@studiogattosl\" \/>\n<meta name=\"twitter:label1\" content=\"Dur\u00e9e de lecture estim\u00e9e\" \/>\n\t<meta name=\"twitter:data1\" content=\"2 minutes\" \/>\n<script type=\"application\/ld+json\" class=\"yoast-schema-graph\">{\"@context\":\"https:\\\/\\\/schema.org\",\"@graph\":[{\"@type\":\"WebPage\",\"@id\":\"https:\\\/\\\/www.studiogatto.es\\\/fr\\\/cuisines-a-el-vendrell\\\/\",\"url\":\"https:\\\/\\\/www.studiogatto.es\\\/fr\\\/cuisines-a-el-vendrell\\\/\",\"name\":\"Cuisines \u00e0 El Vendrell. R\u00e9novation avec Studio Gatto\",\"isPartOf\":{\"@id\":\"https:\\\/\\\/www.studiogatto.es\\\/fr\\\/#website\"},\"primaryImageOfPage\":{\"@id\":\"https:\\\/\\\/www.studiogatto.es\\\/fr\\\/cuisines-a-el-vendrell\\\/#primaryimage\"},\"image\":{\"@id\":\"https:\\\/\\\/www.studiogatto.es\\\/fr\\\/cuisines-a-el-vendrell\\\/#primaryimage\"},\"thumbnailUrl\":\"https:\\\/\\\/www.studiogatto.es\\\/wp-content\\\/uploads\\\/encimera-9-1.jpg\",\"datePublished\":\"2023-08-30T07:35:21+00:00\",\"dateModified\":\"2023-08-30T07:35:35+00:00\",\"description\":\"Cuisines \u00e0 El Vendrell. R\u00e9formes int\u00e9grales, meubles de cuisine. Studio Gatto : des professionnels des cuisines et des r\u00e9formes dans le Baix Pened\u00e8s.\",\"breadcrumb\":{\"@id\":\"https:\\\/\\\/www.studiogatto.es\\\/fr\\\/cuisines-a-el-vendrell\\\/#breadcrumb\"},\"inLanguage\":\"fr-FR\",\"potentialAction\":[{\"@type\":\"ReadAction\",\"target\":[\"https:\\\/\\\/www.studiogatto.es\\\/fr\\\/cuisines-a-el-vendrell\\\/\"]}]},{\"@type\":\"ImageObject\",\"inLanguage\":\"fr-FR\",\"@id\":\"https:\\\/\\\/www.studiogatto.es\\\/fr\\\/cuisines-a-el-vendrell\\\/#primaryimage\",\"url\":\"https:\\\/\\\/www.studiogatto.es\\\/wp-content\\\/uploads\\\/encimera-9-1.jpg\",\"contentUrl\":\"https:\\\/\\\/www.studiogatto.es\\\/wp-content\\\/uploads\\\/encimera-9-1.jpg\"},{\"@type\":\"BreadcrumbList\",\"@id\":\"https:\\\/\\\/www.studiogatto.es\\\/fr\\\/cuisines-a-el-vendrell\\\/#breadcrumb\",\"itemListElement\":[{\"@type\":\"ListItem\",\"position\":1,\"name\":\"Portada\",\"item\":\"https:\\\/\\\/www.studiogatto.es\\\/fr\\\/\"},{\"@type\":\"ListItem\",\"position\":2,\"name\":\"Cuisines \u00e0 El Vendrell\"}]},{\"@type\":\"WebSite\",\"@id\":\"https:\\\/\\\/www.studiogatto.es\\\/fr\\\/#website\",\"url\":\"https:\\\/\\\/www.studiogatto.es\\\/fr\\\/\",\"name\":\"Studio Gatto - Reformas, Cocinas, Ba\u00f1os\",\"description\":\"Reformas integrales de Cocinas y ba\u00f1os. Interiorismo. Dise\u00f1o.\",\"publisher\":{\"@id\":\"https:\\\/\\\/www.studiogatto.es\\\/fr\\\/#organization\"},\"potentialAction\":[{\"@type\":\"SearchAction\",\"target\":{\"@type\":\"EntryPoint\",\"urlTemplate\":\"https:\\\/\\\/www.studiogatto.es\\\/fr\\\/?s={search_term_string}\"},\"query-input\":{\"@type\":\"PropertyValueSpecification\",\"valueRequired\":true,\"valueName\":\"search_term_string\"}}],\"inLanguage\":\"fr-FR\"},{\"@type\":\"Organization\",\"@id\":\"https:\\\/\\\/www.studiogatto.es\\\/fr\\\/#organization\",\"name\":\"Studio Gatto\",\"url\":\"https:\\\/\\\/www.studiogatto.es\\\/fr\\\/\",\"logo\":{\"@type\":\"ImageObject\",\"inLanguage\":\"fr-FR\",\"@id\":\"https:\\\/\\\/www.studiogatto.es\\\/fr\\\/#\\\/schema\\\/logo\\\/image\\\/\",\"url\":\"https:\\\/\\\/www.studiogatto.es\\\/wp-content\\\/uploads\\\/Nuevo-logotipo.jpg\",\"contentUrl\":\"https:\\\/\\\/www.studiogatto.es\\\/wp-content\\\/uploads\\\/Nuevo-logotipo.jpg\",\"width\":300,\"height\":167,\"caption\":\"Studio Gatto\"},\"image\":{\"@id\":\"https:\\\/\\\/www.studiogatto.es\\\/fr\\\/#\\\/schema\\\/logo\\\/image\\\/\"},\"sameAs\":[\"https:\\\/\\\/www.facebook.com\\\/studiogattocucine\",\"https:\\\/\\\/x.com\\\/studiogattosl\"]}]}<\/script>\n<!-- \/ Yoast SEO plugin. -->","yoast_head_json":{"title":"Cuisines \u00e0 El Vendrell. R\u00e9novation avec Studio Gatto","description":"Cuisines \u00e0 El Vendrell. R\u00e9formes int\u00e9grales, meubles de cuisine. Studio Gatto : des professionnels des cuisines et des r\u00e9formes dans le Baix Pened\u00e8s.","robots":{"index":"index","follow":"follow","max-snippet":"max-snippet:-1","max-image-preview":"max-image-preview:large","max-video-preview":"max-video-preview:-1"},"canonical":"https:\/\/www.studiogatto.es\/fr\/cuisines-a-el-vendrell\/","og_locale":"fr_FR","og_type":"article","og_title":"Cuisines \u00e0 El Vendrell. R\u00e9novation avec Studio Gatto","og_description":"Cuisines \u00e0 El Vendrell. R\u00e9formes int\u00e9grales, meubles de cuisine. Studio Gatto : des professionnels des cuisines et des r\u00e9formes dans le Baix Pened\u00e8s.","og_url":"https:\/\/www.studiogatto.es\/fr\/cuisines-a-el-vendrell\/","og_site_name":"Studio Gatto - Reformas, Cocinas, Ba\u00f1os","article_publisher":"https:\/\/www.facebook.com\/studiogattocucine","article_modified_time":"2023-08-30T07:35:35+00:00","og_image":[{"url":"https:\/\/www.studiogatto.es\/wp-content\/uploads\/encimera-9-1.jpg","type":"","width":"","height":""}],"twitter_card":"summary_large_image","twitter_site":"@studiogattosl","twitter_misc":{"Dur\u00e9e de lecture estim\u00e9e":"2 minutes"},"schema":{"@context":"https:\/\/schema.org","@graph":[{"@type":"WebPage","@id":"https:\/\/www.studiogatto.es\/fr\/cuisines-a-el-vendrell\/","url":"https:\/\/www.studiogatto.es\/fr\/cuisines-a-el-vendrell\/","name":"Cuisines \u00e0 El Vendrell. R\u00e9novation avec Studio Gatto","isPartOf":{"@id":"https:\/\/www.studiogatto.es\/fr\/#website"},"primaryImageOfPage":{"@id":"https:\/\/www.studiogatto.es\/fr\/cuisines-a-el-vendrell\/#primaryimage"},"image":{"@id":"https:\/\/www.studiogatto.es\/fr\/cuisines-a-el-vendrell\/#primaryimage"},"thumbnailUrl":"https:\/\/www.studiogatto.es\/wp-content\/uploads\/encimera-9-1.jpg","datePublished":"2023-08-30T07:35:21+00:00","dateModified":"2023-08-30T07:35:35+00:00","description":"Cuisines \u00e0 El Vendrell. R\u00e9formes int\u00e9grales, meubles de cuisine. Studio Gatto : des professionnels des cuisines et des r\u00e9formes dans le Baix Pened\u00e8s.","breadcrumb":{"@id":"https:\/\/www.studiogatto.es\/fr\/cuisines-a-el-vendrell\/#breadcrumb"},"inLanguage":"fr-FR","potentialAction":[{"@type":"ReadAction","target":["https:\/\/www.studiogatto.es\/fr\/cuisines-a-el-vendrell\/"]}]},{"@type":"ImageObject","inLanguage":"fr-FR","@id":"https:\/\/www.studiogatto.es\/fr\/cuisines-a-el-vendrell\/#primaryimage","url":"https:\/\/www.studiogatto.es\/wp-content\/uploads\/encimera-9-1.jpg","contentUrl":"https:\/\/www.studiogatto.es\/wp-content\/uploads\/encimera-9-1.jpg"},{"@type":"BreadcrumbList","@id":"https:\/\/www.studiogatto.es\/fr\/cuisines-a-el-vendrell\/#breadcrumb","itemListElement":[{"@type":"ListItem","position":1,"name":"Portada","item":"https:\/\/www.studiogatto.es\/fr\/"},{"@type":"ListItem","position":2,"name":"Cuisines \u00e0 El Vendrell"}]},{"@type":"WebSite","@id":"https:\/\/www.studiogatto.es\/fr\/#website","url":"https:\/\/www.studiogatto.es\/fr\/","name":"Studio Gatto - Reformas, Cocinas, Ba\u00f1os","description":"Reformas integrales de Cocinas y ba\u00f1os. Interiorismo. Dise\u00f1o.","publisher":{"@id":"https:\/\/www.studiogatto.es\/fr\/#organization"},"potentialAction":[{"@type":"SearchAction","target":{"@type":"EntryPoint","urlTemplate":"https:\/\/www.studiogatto.es\/fr\/?s={search_term_string}"},"query-input":{"@type":"PropertyValueSpecification","valueRequired":true,"valueName":"search_term_string"}}],"inLanguage":"fr-FR"},{"@type":"Organization","@id":"https:\/\/www.studiogatto.es\/fr\/#organization","name":"Studio Gatto","url":"https:\/\/www.studiogatto.es\/fr\/","logo":{"@type":"ImageObject","inLanguage":"fr-FR","@id":"https:\/\/www.studiogatto.es\/fr\/#\/schema\/logo\/image\/","url":"https:\/\/www.studiogatto.es\/wp-content\/uploads\/Nuevo-logotipo.jpg","contentUrl":"https:\/\/www.studiogatto.es\/wp-content\/uploads\/Nuevo-logotipo.jpg","width":300,"height":167,"caption":"Studio Gatto"},"image":{"@id":"https:\/\/www.studiogatto.es\/fr\/#\/schema\/logo\/image\/"},"sameAs":["https:\/\/www.facebook.com\/studiogattocucine","https:\/\/x.com\/studiogattosl"]}]}},"_links":{"self":[{"href":"https:\/\/www.studiogatto.es\/fr\/wp-json\/wp\/v2\/pages\/45865","targetHints":{"allow":["GET"]}}],"collection":[{"href":"https:\/\/www.studiogatto.es\/fr\/wp-json\/wp\/v2\/pages"}],"about":[{"href":"https:\/\/www.studiogatto.es\/fr\/wp-json\/wp\/v2\/types\/page"}],"author":[{"embeddable":true,"href":"https:\/\/www.studiogatto.es\/fr\/wp-json\/wp\/v2\/users\/1"}],"replies":[{"embeddable":true,"href":"https:\/\/www.studiogatto.es\/fr\/wp-json\/wp\/v2\/comments?post=45865"}],"version-history":[{"count":0,"href":"https:\/\/www.studiogatto.es\/fr\/wp-json\/wp\/v2\/pages\/45865\/revisions"}],"wp:attachment":[{"href":"https:\/\/www.studiogatto.es\/fr\/wp-json\/wp\/v2\/media?parent=45865"}],"curies":[{"name":"wp","href":"https:\/\/api.w.org\/{rel}","templated":true}]}}