{"id":45756,"date":"2023-08-30T09:35:10","date_gmt":"2023-08-30T07:35:10","guid":{"rendered":"https:\/\/www.studiogatto.es\/cuisines-exterieures-novara\/"},"modified":"2023-08-30T09:35:19","modified_gmt":"2023-08-30T07:35:19","slug":"cuisines-exterieures-novara","status":"publish","type":"page","link":"https:\/\/www.studiogatto.es\/fr\/cuisines-exterieures-novara\/","title":{"rendered":"Cuisines ext\u00e9rieures Novara"},"content":{"rendered":"<p>[et_pb_section fb_built=\u00a0\u00bb1&Prime; _builder_version=\u00a0\u00bb4.16&Prime; custom_padding=\u00a0\u00bb54px|0px|0|0px|false|false\u00a0\u00bb da_disable_devices=\u00a0\u00bboff|off|off\u00a0\u00bb global_colors_info=\u00a0\u00bb{}\u00a0\u00bb da_is_popup=\u00a0\u00bboff\u00a0\u00bb da_exit_intent=\u00a0\u00bboff\u00a0\u00bb da_has_close=\u00a0\u00bbon\u00a0\u00bb da_alt_close=\u00a0\u00bboff\u00a0\u00bb da_dark_close=\u00a0\u00bboff\u00a0\u00bb da_not_modal=\u00a0\u00bbon\u00a0\u00bb da_is_singular=\u00a0\u00bboff\u00a0\u00bb da_with_loader=\u00a0\u00bboff\u00a0\u00bb da_has_shadow=\u00a0\u00bbon\u00a0\u00bb][et_pb_row _builder_version=\u00a0\u00bb4.16&Prime; custom_padding=\u00a0\u00bb27px|0px|0|0px|false|false\u00a0\u00bb global_colors_info=\u00a0\u00bb{}\u00a0\u00bb][et_pb_column type=\u00a0\u00bb4_4&Prime; _builder_version=\u00a0\u00bb4.16&Prime; custom_padding=\u00a0\u00bb|||\u00a0\u00bb global_colors_info=\u00a0\u00bb{}\u00a0\u00bb custom_padding__hover=\u00a0\u00bb|||\u00a0\u00bb][et_pb_text _builder_version=\u00a0\u00bb4.16&Prime; _module_preset=\u00a0\u00bbdefault\u00a0\u00bb global_colors_info=\u00a0\u00bb{}\u00a0\u00bb]<\/p>\n<h3 style=\"text-align: center;\"><strong>Voir nos cuisines ext\u00e9rieures exclusives  <\/strong><\/h3>\n<p>[\/et_pb_text][\/et_pb_column][\/et_pb_row][et_pb_row _builder_version=\u00a0\u00bb4.16&Prime; custom_padding=\u00a0\u00bb27px|0px|0|0px|false|false\u00a0\u00bb global_colors_info=\u00a0\u00bb{}\u00a0\u00bb][et_pb_column type=\u00a0\u00bb4_4&Prime; _builder_version=\u00a0\u00bb4.16&Prime; custom_padding=\u00a0\u00bb|||\u00a0\u00bb global_colors_info=\u00a0\u00bb{}\u00a0\u00bb custom_padding__hover=\u00a0\u00bb|||\u00a0\u00bb][et_pb_text _builder_version=\u00a0\u00bb4.16&Prime; text_font=\u00a0\u00bb||||||||\u00a0\u00bb text_orientation=\u00a0\u00bbcenter\u00a0\u00bb header_font_size_tablet=\u00a0\u00bb\u00a0\u00bb header_font_size_phone=\u00a0\u00bb35px\u00a0\u00bb header_font_size_last_edited=\u00a0\u00bbon|phone\u00a0\u00bb global_colors_info=\u00a0\u00bb{}\u00a0\u00bb]<\/p>\n<p>&nbsp;<\/p>\n<p>Le concept de cuisine ext\u00e9rieure est sp\u00e9cialement con\u00e7u pour profiter d&rsquo;un espace ext\u00e9rieur polyvalent, social et fonctionnel. La diversit\u00e9 des couleurs et des mat\u00e9riaux permet une conception variable et personnalis\u00e9e.<\/p>\n<p>Novara propose des \u00e9l\u00e9ments sp\u00e9ciaux adapt\u00e9s aux environnements ext\u00e9rieurs et marins. Des composants de haute qualit\u00e9 et r\u00e9sistants sans sacrifier la fonctionnalit\u00e9 et l&rsquo;esth\u00e9tique minimaliste.<\/p>\n<p>La cuisine ext\u00e9rieure Novara peut \u00eatre expos\u00e9e \u00e0 l&rsquo;ext\u00e9rieur sans besoin de rev\u00eatement gr\u00e2ce \u00e0 ses finitions en HPL, en pierre synth\u00e9tis\u00e9e ou en laque qui garantissent une r\u00e9sistance maximale aux diff\u00e9rentes conditions climatiques.<\/p>\n<p>Il s&rsquo;agit d&rsquo;un produit d&rsquo;int\u00e9r\u00eat pour les particuliers et les architectes, qui permet aux professionnels du secteur de d\u00e9velopper librement leurs projets personnalis\u00e9s, en r\u00e9alisant un design durable et unique.<\/p>\n<p>L&rsquo;assemblage est \u00e9galement effectu\u00e9 par Studio Gatto avec du personnel qualifi\u00e9. Il est temps de profiter du plaisir de cuisiner en plein air avec des finitions imbattables qui s&rsquo;int\u00e8grent parfaitement au style de vie m\u00e9diterran\u00e9en et \u00e0 son environnement.<\/p>\n<p>[\/et_pb_text][et_pb_gallery gallery_ids=\u00a0\u00bb16299,16293,16320,16359,16362&Prime; fullwidth=\u00a0\u00bbon\u00a0\u00bb dbdb_version=\u00a0\u00bb3.9.7&Prime; _builder_version=\u00a0\u00bb4.16&Prime; _module_preset=\u00a0\u00bbdefault\u00a0\u00bb title_font=\u00a0\u00bb|700|||||||\u00a0\u00bb title_text_color=\u00a0\u00bb#FFFFFF\u00a0\u00bb parallax=\u00a0\u00bbon\u00a0\u00bb background_video_pause_outside_viewport=\u00a0\u00bboff\u00a0\u00bb max_width=\u00a0\u00bb78%\u00a0\u00bb module_alignment=\u00a0\u00bbcenter\u00a0\u00bb global_colors_info=\u00a0\u00bb{}\u00a0\u00bb][\/et_pb_gallery][et_pb_text _builder_version=\u00a0\u00bb4.16&Prime; text_font=\u00a0\u00bb||||||||\u00a0\u00bb text_orientation=\u00a0\u00bbcenter\u00a0\u00bb min_height=\u00a0\u00bb78px\u00a0\u00bb global_colors_info=\u00a0\u00bb{}\u00a0\u00bb]Novara est le fruit d&rsquo;une passion pour la cuisine en toutes circonstances. L&rsquo;\u00eelot vous permet de vous d\u00e9placer librement et de cuisiner face \u00e0 l&rsquo;espace ouvert. Il devient ainsi le centre de la communication, de la cuisine partag\u00e9e et des plaisirs quotidiens.<\/p>\n<p>Les cuisines d&rsquo;ext\u00e9rieur facilitent \u00e9galement le travail de pr\u00e9paration et le rendent infiniment plus amusant. Outre le confort, ils peuvent \u00e9galement am\u00e9liorer consid\u00e9rablement l&rsquo;espace de votre patio ou de votre jardin. Que vous conceviez votre propre cuisine ext\u00e9rieure ou que vous souhaitiez vous en inspirer pour votre future maison, les cuisines Novara peuvent constituer une solution tr\u00e8s sp\u00e9ciale. Pr\u00e9parez-vous \u00e0 noter ces recettes que vous avez envie de tester, et n&rsquo;oubliez pas de nous inviter ! [\/et_pb_text][\/et_pb_column][\/et_pb_row][et_pb_row _builder_version=\u00a0\u00bb4.16&Prime; custom_padding=\u00a0\u00bb27px|0px|0|0px|false|false\u00a0\u00bb global_colors_info=\u00a0\u00bb{}\u00a0\u00bb][et_pb_column type=\u00a0\u00bb4_4&Prime; _builder_version=\u00a0\u00bb4.16&Prime; custom_padding=\u00a0\u00bb|||\u00a0\u00bb global_colors_info=\u00a0\u00bb{}\u00a0\u00bb custom_padding__hover=\u00a0\u00bb|||\u00a0\u00bb][et_pb_image src=\u00a0\u00bbhttps:\/\/www.studiogatto.es\/wp-content\/uploads\/PRO02-1536&#215;960-1.jpg\u00a0\u00bb title_text=\u00a0\u00bbPRO02-1536&#215;960&Prime; align=\u00a0\u00bbcenter\u00a0\u00bb _builder_version=\u00a0\u00bb4.16&Prime; _module_preset=\u00a0\u00bbdefault\u00a0\u00bb width=\u00a0\u00bb80%\u00a0\u00bb global_colors_info=\u00a0\u00bb{}\u00a0\u00bb][\/et_pb_image][et_pb_text _builder_version=\u00a0\u00bb4.16&Prime; text_font=\u00a0\u00bb||||||||\u00a0\u00bb text_orientation=\u00a0\u00bbcenter\u00a0\u00bb min_height=\u00a0\u00bb78px\u00a0\u00bb global_colors_info=\u00a0\u00bb{}\u00a0\u00bb]Il existe enfin un syst\u00e8me de mobilier d&rsquo;ext\u00e9rieur de la plus haute qualit\u00e9 et avec la plus grande garantie.[\/et_pb_text][\/et_pb_column][\/et_pb_row][et_pb_row _builder_version=\u00a0\u00bb4.16&Prime; custom_padding=\u00a0\u00bb27px|0px|0|0px|false|false\u00a0\u00bb global_colors_info=\u00a0\u00bb{}\u00a0\u00bb][et_pb_column type=\u00a0\u00bb4_4&Prime; _builder_version=\u00a0\u00bb4.16&Prime; custom_padding=\u00a0\u00bb|||\u00a0\u00bb global_colors_info=\u00a0\u00bb{}\u00a0\u00bb custom_padding__hover=\u00a0\u00bb|||\u00a0\u00bb][et_pb_image src=\u00a0\u00bbhttps:\/\/www.studiogatto.es\/wp-content\/uploads\/outdoor-kitchen-cocina-de-exterior-N1-03-1536&#215;1086-1.jpg\u00a0\u00bb title_text=\u00a0\u00bboutdoor-kitchen-cocina-de-exterior-N1-03-1536&#215;1086&Prime; align=\u00a0\u00bbcenter\u00a0\u00bb _builder_version=\u00a0\u00bb4.16&Prime; _module_preset=\u00a0\u00bbdefault\u00a0\u00bb width=\u00a0\u00bb80%\u00a0\u00bb global_colors_info=\u00a0\u00bb{}\u00a0\u00bb][\/et_pb_image][et_pb_text _builder_version=\u00a0\u00bb4.16&Prime; text_font=\u00a0\u00bb||||||||\u00a0\u00bb text_orientation=\u00a0\u00bbcenter\u00a0\u00bb min_height=\u00a0\u00bb78px\u00a0\u00bb global_colors_info=\u00a0\u00bb{}\u00a0\u00bb]Tous les \u00e9l\u00e9ments de Novara ont \u00e9t\u00e9 s\u00e9lectionn\u00e9s parmi les \u00e9l\u00e9ments de la plus haute qualit\u00e9 et les plus r\u00e9sistants pour les environnements ext\u00e9rieurs et marins. La polyvalence de ces couleurs et de ces mat\u00e9riaux permet de varier les possibilit\u00e9s pour chaque projet.[\/et_pb_text][\/et_pb_column][\/et_pb_row][et_pb_row _builder_version=\u00a0\u00bb4.16&Prime; custom_padding=\u00a0\u00bb27px|0px|0|0px|false|false\u00a0\u00bb global_colors_info=\u00a0\u00bb{}\u00a0\u00bb][et_pb_column type=\u00a0\u00bb4_4&Prime; _builder_version=\u00a0\u00bb4.16&Prime; custom_padding=\u00a0\u00bb|||\u00a0\u00bb global_colors_info=\u00a0\u00bb{}\u00a0\u00bb custom_padding__hover=\u00a0\u00bb|||\u00a0\u00bb][et_pb_image src=\u00a0\u00bbhttps:\/\/www.studiogatto.es\/wp-content\/uploads\/PRO05-1536&#215;960-1.jpg\u00a0\u00bb title_text=\u00a0\u00bbPRO05-1536&#215;960&Prime; align=\u00a0\u00bbcenter\u00a0\u00bb _builder_version=\u00a0\u00bb4.16&Prime; _module_preset=\u00a0\u00bbdefault\u00a0\u00bb width=\u00a0\u00bb80%\u00a0\u00bb global_colors_info=\u00a0\u00bb{}\u00a0\u00bb][\/et_pb_image][et_pb_text _builder_version=\u00a0\u00bb4.16&Prime; text_font=\u00a0\u00bb||||||||\u00a0\u00bb text_orientation=\u00a0\u00bbcenter\u00a0\u00bb min_height=\u00a0\u00bb78px\u00a0\u00bb global_colors_info=\u00a0\u00bb{}\u00a0\u00bb]Le barbecue professionnel Novara vous permet de cuisiner en plein air de la viande, du poisson ou des l\u00e9gumes en toute s\u00e9curit\u00e9. 4 br\u00fbleurs \u00e0 gaz en ligne d&rsquo;une puissance totale de 14 kW fournissent suffisamment d&rsquo;\u00e9nergie pour une cuisson rapide et efficace. Vous pouvez \u00e9galement combiner ou utiliser les tables de cuisson ind\u00e9pendantes qui s&rsquo;int\u00e8grent parfaitement au plan de travail de votre choix.[\/et_pb_text][\/et_pb_column][\/et_pb_row][et_pb_row _builder_version=\u00a0\u00bb4.16&Prime; custom_padding=\u00a0\u00bb27px|0px|0|0px|false|false\u00a0\u00bb global_colors_info=\u00a0\u00bb{}\u00a0\u00bb][et_pb_column type=\u00a0\u00bb4_4&Prime; _builder_version=\u00a0\u00bb4.16&Prime; custom_padding=\u00a0\u00bb|||\u00a0\u00bb global_colors_info=\u00a0\u00bb{}\u00a0\u00bb custom_padding__hover=\u00a0\u00bb|||\u00a0\u00bb][et_pb_image src=\u00a0\u00bbhttps:\/\/www.studiogatto.es\/wp-content\/uploads\/PRO06-1536&#215;960-1.jpg\u00a0\u00bb title_text=\u00a0\u00bbPRO06-1536&#215;960&Prime; align=\u00a0\u00bbcenter\u00a0\u00bb _builder_version=\u00a0\u00bb4.16&Prime; _module_preset=\u00a0\u00bbdefault\u00a0\u00bb width=\u00a0\u00bb80%\u00a0\u00bb global_colors_info=\u00a0\u00bb{}\u00a0\u00bb][\/et_pb_image][\/et_pb_column][\/et_pb_row][et_pb_row _builder_version=\u00a0\u00bb4.16&Prime; custom_padding=\u00a0\u00bb40px|0px|0px|0px|false|false\u00a0\u00bb global_colors_info=\u00a0\u00bb{}\u00a0\u00bb][et_pb_column type=\u00a0\u00bb4_4&Prime; _builder_version=\u00a0\u00bb4.16&Prime; custom_padding=\u00a0\u00bb|||\u00a0\u00bb global_colors_info=\u00a0\u00bb{}\u00a0\u00bb custom_padding__hover=\u00a0\u00bb|||\u00a0\u00bb][et_pb_text _builder_version=\u00a0\u00bb4.16&Prime; text_font=\u00a0\u00bb||||||||\u00a0\u00bb text_font_size=\u00a0\u00bb22px\u00a0\u00bb text_orientation=\u00a0\u00bbcenter\u00a0\u00bb header_font_size_tablet=\u00a0\u00bb\u00a0\u00bb header_font_size_phone=\u00a0\u00bb35px\u00a0\u00bb header_font_size_last_edited=\u00a0\u00bbon|phone\u00a0\u00bb locked=\u00a0\u00bboff\u00a0\u00bb global_colors_info=\u00a0\u00bb{}\u00a0\u00bb]<\/p>\n<h3>LAQUE OU PIERRE SYNTH\u00c9TIS\u00c9E<br \/>\n<\/h3>\n<p>[\/et_pb_text][et_pb_image src=\u00a0\u00bbhttps:\/\/www.studiogatto.es\/wp-content\/uploads\/slider03-1536&#215;960-1.jpg\u00a0\u00bb title_text=\u00a0\u00bbslider03-1536&#215;960&Prime; align=\u00a0\u00bbcenter\u00a0\u00bb _builder_version=\u00a0\u00bb4.16&Prime; _module_preset=\u00a0\u00bbdefault\u00a0\u00bb width=\u00a0\u00bb80%\u00a0\u00bb global_colors_info=\u00a0\u00bb{}\u00a0\u00bb][\/et_pb_image][et_pb_text _builder_version=\u00a0\u00bb4.16&Prime; text_font=\u00a0\u00bb||||||||\u00a0\u00bb text_orientation=\u00a0\u00bbcenter\u00a0\u00bb min_height=\u00a0\u00bb78px\u00a0\u00bb global_colors_info=\u00a0\u00bb{}\u00a0\u00bb]Novara a \u00e9galement \u00e9t\u00e9 d\u00e9velopp\u00e9 pour s&rsquo;adapter \u00e0 une multitude de designs, de formes et de couleurs. Cette possibilit\u00e9 ouvre la porte \u00e0 votre imagination pour d\u00e9velopper votre cuisine id\u00e9ale avec des centaines de variables. Il y aura toujours une Novara id\u00e9ale pour chaque client. Ce point renforce la vitalit\u00e9 du produit et l&rsquo;int\u00e9r\u00eat pour tous les types d&rsquo;architectes et de professionnels qui d\u00e9veloppent librement leurs projets.[\/et_pb_text][et_pb_image src=\u00a0\u00bbhttps:\/\/www.studiogatto.es\/wp-content\/uploads\/laca-1-1536&#215;1002-1.jpg\u00a0\u00bb title_text=\u00a0\u00bblaque-1-1536&#215;1002&Prime; align=\u00a0\u00bbcenter\u00a0\u00bb _builder_version=\u00a0\u00bb4.16&Prime; _module_preset=\u00a0\u00bbdefault\u00a0\u00bb width=\u00a0\u00bb80%\u00a0\u00bb global_colors_info=\u00a0\u00bb{}\u00a0\u00bb][\/et_pb_image][et_pb_text _builder_version=\u00a0\u00bb4.16&Prime; text_font=\u00a0\u00bb||||||||\u00a0\u00bb text_font_size=\u00a0\u00bb22px\u00a0\u00bb text_orientation=\u00a0\u00bbcenter\u00a0\u00bb header_font_size_tablet=\u00a0\u00bb\u00a0\u00bb header_font_size_phone=\u00a0\u00bb35px\u00a0\u00bb header_font_size_last_edited=\u00a0\u00bbon|phone\u00a0\u00bb locked=\u00a0\u00bboff\u00a0\u00bb global_colors_info=\u00a0\u00bb{}\u00a0\u00bb]<\/p>\n<h3>HPL<br \/>\n<\/h3>\n<p>[\/et_pb_text][et_pb_image src=\u00a0\u00bbhttps:\/\/www.studiogatto.es\/wp-content\/uploads\/materiales03-1536&#215;960-1.jpg\u00a0\u00bb title_text=\u00a0\u00bbmateriales03-1536&#215;960&Prime; align=\u00a0\u00bbcenter\u00a0\u00bb _builder_version=\u00a0\u00bb4.16&Prime; _module_preset=\u00a0\u00bbdefault\u00a0\u00bb width=\u00a0\u00bb80%\u00a0\u00bb locked=\u00a0\u00bboff\u00a0\u00bb global_colors_info=\u00a0\u00bb{}\u00a0\u00bb][\/et_pb_image][et_pb_text _builder_version=\u00a0\u00bb4.16&Prime; text_font=\u00a0\u00bb||||||||\u00a0\u00bb text_orientation=\u00a0\u00bbcenter\u00a0\u00bb min_height=\u00a0\u00bb78px\u00a0\u00bb global_colors_info=\u00a0\u00bb{}\u00a0\u00bb]La troisi\u00e8me version de Novara comprend un HPL sp\u00e9cial pour l&rsquo;ext\u00e9rieur, avec une garantie de 25 ans. Des effets bois sans entretien et une multitude de designs pour une harmonie optimale.[\/et_pb_text][et_pb_image src=\u00a0\u00bbhttps:\/\/www.studiogatto.es\/wp-content\/uploads\/hpl-1536&#215;1023-1.jpg\u00a0\u00bb title_text=\u00a0\u00bbhpl-1536&#215;1023&Prime; align=\u00a0\u00bbcenter\u00a0\u00bb _builder_version=\u00a0\u00bb4.16&Prime; _module_preset=\u00a0\u00bbdefault\u00a0\u00bb width=\u00a0\u00bb80%\u00a0\u00bb locked=\u00a0\u00bboff\u00a0\u00bb global_colors_info=\u00a0\u00bb{}\u00a0\u00bb][\/et_pb_image][et_pb_text _builder_version=\u00a0\u00bb4.16&Prime; text_font=\u00a0\u00bb||||||||\u00a0\u00bb text_font_size=\u00a0\u00bb22px\u00a0\u00bb text_orientation=\u00a0\u00bbcenter\u00a0\u00bb header_font_size_tablet=\u00a0\u00bb\u00a0\u00bb header_font_size_phone=\u00a0\u00bb35px\u00a0\u00bb header_font_size_last_edited=\u00a0\u00bbon|phone\u00a0\u00bb locked=\u00a0\u00bboff\u00a0\u00bb global_colors_info=\u00a0\u00bb{}\u00a0\u00bb]<\/p>\n<h3>D\u00c9COUVREZ LES CUISINES D&rsquo;EXT\u00c9RIEUR AVEC STUDIO GATTO<\/h3>\n<p>[\/et_pb_text][et_pb_image src=\u00a0\u00bbhttps:\/\/www.studiogatto.es\/wp-content\/uploads\/optener01-1536&#215;960-1.jpg\u00a0\u00bb title_text=\u00a0\u00bboptener01-1536&#215;960&Prime; align=\u00a0\u00bbcenter\u00a0\u00bb _builder_version=\u00a0\u00bb4.16&Prime; _module_preset=\u00a0\u00bbdefault\u00a0\u00bb width=\u00a0\u00bb80%\u00a0\u00bb locked=\u00a0\u00bboff\u00a0\u00bb global_colors_info=\u00a0\u00bb{}\u00a0\u00bb][\/et_pb_image][et_pb_text _builder_version=\u00a0\u00bb4.16&Prime; text_font=\u00a0\u00bb||||||||\u00a0\u00bb text_orientation=\u00a0\u00bbcenter\u00a0\u00bb min_height=\u00a0\u00bb78px\u00a0\u00bb global_colors_info=\u00a0\u00bb{}\u00a0\u00bb]<\/p>\n<p>La cuisine sera install\u00e9e par un professionnel de l&rsquo;ameublement et nous mettrons \u00e0 disposition du personnel qualifi\u00e9 pour les raccordements \u00e9lectriques, de gaz ou d&rsquo;eau.  <\/p>\n<p>[\/et_pb_text][et_pb_image src=\u00a0\u00bbhttps:\/\/www.studiogatto.es\/wp-content\/uploads\/PRO02-1536&#215;960-1.jpg\u00a0\u00bb title_text=\u00a0\u00bbPRO02-1536&#215;960&Prime; align=\u00a0\u00bbcenter\u00a0\u00bb _builder_version=\u00a0\u00bb4.16&Prime; _module_preset=\u00a0\u00bbdefault\u00a0\u00bb width=\u00a0\u00bb80%\u00a0\u00bb locked=\u00a0\u00bboff\u00a0\u00bb global_colors_info=\u00a0\u00bb{}\u00a0\u00bb][\/et_pb_image][et_pb_text _builder_version=\u00a0\u00bb4.16&Prime; text_font=\u00a0\u00bb||||||||\u00a0\u00bb text_orientation=\u00a0\u00bbcenter\u00a0\u00bb min_height=\u00a0\u00bb78px\u00a0\u00bb global_colors_info=\u00a0\u00bb{}\u00a0\u00bb][\/et_pb_text][\/et_pb_column][\/et_pb_row][\/et_pb_section]<\/p>\n","protected":false},"excerpt":{"rendered":"<p>Voir nos cuisines ext\u00e9rieures exclusives &nbsp; Le concept de cuisine ext\u00e9rieure est sp\u00e9cialement con\u00e7u pour profiter d&rsquo;un espace ext\u00e9rieur polyvalent, social et fonctionnel. La diversit\u00e9 des couleurs et des mat\u00e9riaux permet une conception variable et personnalis\u00e9e. Novara propose des \u00e9l\u00e9ments sp\u00e9ciaux adapt\u00e9s aux environnements ext\u00e9rieurs et marins. Des composants de haute qualit\u00e9 et r\u00e9sistants sans [&hellip;]<\/p>\n","protected":false},"author":2,"featured_media":0,"parent":0,"menu_order":0,"comment_status":"closed","ping_status":"closed","template":"","meta":{"_et_pb_use_builder":"on","_et_pb_old_content":"","_et_gb_content_width":"","footnotes":""},"class_list":["post-45756","page","type-page","status-publish","hentry"],"yoast_head":"<!-- This site is optimized with the Yoast SEO plugin v27.5 - https:\/\/yoast.com\/product\/yoast-seo-wordpress\/ -->\n<title>Cuisines de jardin Novara par Studio Gatto<\/title>\n<meta name=\"description\" content=\"Sp\u00e9cialement con\u00e7u pour \u00eatre appr\u00e9ci\u00e9 \u00e0 l&#039;ext\u00e9rieur, dans un jardin, social et fonctionnel. La diversit\u00e9 des couleurs et des mat\u00e9riaux permet une conception variable et personnelle.\" \/>\n<meta name=\"robots\" content=\"index, follow, max-snippet:-1, max-image-preview:large, max-video-preview:-1\" \/>\n<link rel=\"canonical\" href=\"https:\/\/www.studiogatto.es\/fr\/cuisines-exterieures-novara\/\" \/>\n<meta property=\"og:locale\" content=\"fr_FR\" \/>\n<meta property=\"og:type\" content=\"article\" \/>\n<meta property=\"og:title\" content=\"Cuisines de jardin Novara par Studio Gatto\" \/>\n<meta property=\"og:description\" content=\"Sp\u00e9cialement con\u00e7u pour \u00eatre appr\u00e9ci\u00e9 \u00e0 l&#039;ext\u00e9rieur, dans un jardin, social et fonctionnel. La diversit\u00e9 des couleurs et des mat\u00e9riaux permet une conception variable et personnelle.\" \/>\n<meta property=\"og:url\" content=\"https:\/\/www.studiogatto.es\/fr\/cuisines-exterieures-novara\/\" \/>\n<meta property=\"og:site_name\" content=\"Studio Gatto - Reformas, Cocinas, Ba\u00f1os\" \/>\n<meta property=\"article:publisher\" content=\"https:\/\/www.facebook.com\/studiogattocucine\" \/>\n<meta property=\"article:modified_time\" content=\"2023-08-30T07:35:19+00:00\" \/>\n<meta name=\"twitter:card\" content=\"summary_large_image\" \/>\n<meta name=\"twitter:site\" content=\"@studiogattosl\" \/>\n<meta name=\"twitter:label1\" content=\"Dur\u00e9e de lecture estim\u00e9e\" \/>\n\t<meta name=\"twitter:data1\" content=\"8 minutes\" \/>\n<script type=\"application\/ld+json\" class=\"yoast-schema-graph\">{\"@context\":\"https:\\\/\\\/schema.org\",\"@graph\":[{\"@type\":\"WebPage\",\"@id\":\"https:\\\/\\\/www.studiogatto.es\\\/fr\\\/cuisines-exterieures-novara\\\/\",\"url\":\"https:\\\/\\\/www.studiogatto.es\\\/fr\\\/cuisines-exterieures-novara\\\/\",\"name\":\"Cuisines de jardin Novara par Studio Gatto\",\"isPartOf\":{\"@id\":\"https:\\\/\\\/www.studiogatto.es\\\/fr\\\/#website\"},\"datePublished\":\"2023-08-30T07:35:10+00:00\",\"dateModified\":\"2023-08-30T07:35:19+00:00\",\"description\":\"Sp\u00e9cialement con\u00e7u pour \u00eatre appr\u00e9ci\u00e9 \u00e0 l'ext\u00e9rieur, dans un jardin, social et fonctionnel. La diversit\u00e9 des couleurs et des mat\u00e9riaux permet une conception variable et personnelle.\",\"breadcrumb\":{\"@id\":\"https:\\\/\\\/www.studiogatto.es\\\/fr\\\/cuisines-exterieures-novara\\\/#breadcrumb\"},\"inLanguage\":\"fr-FR\",\"potentialAction\":[{\"@type\":\"ReadAction\",\"target\":[\"https:\\\/\\\/www.studiogatto.es\\\/fr\\\/cuisines-exterieures-novara\\\/\"]}]},{\"@type\":\"BreadcrumbList\",\"@id\":\"https:\\\/\\\/www.studiogatto.es\\\/fr\\\/cuisines-exterieures-novara\\\/#breadcrumb\",\"itemListElement\":[{\"@type\":\"ListItem\",\"position\":1,\"name\":\"Portada\",\"item\":\"https:\\\/\\\/www.studiogatto.es\\\/fr\\\/\"},{\"@type\":\"ListItem\",\"position\":2,\"name\":\"Cuisines ext\u00e9rieures Novara\"}]},{\"@type\":\"WebSite\",\"@id\":\"https:\\\/\\\/www.studiogatto.es\\\/fr\\\/#website\",\"url\":\"https:\\\/\\\/www.studiogatto.es\\\/fr\\\/\",\"name\":\"Studio Gatto - Reformas, Cocinas, Ba\u00f1os\",\"description\":\"Reformas integrales de Cocinas y ba\u00f1os. Interiorismo. Dise\u00f1o.\",\"publisher\":{\"@id\":\"https:\\\/\\\/www.studiogatto.es\\\/fr\\\/#organization\"},\"potentialAction\":[{\"@type\":\"SearchAction\",\"target\":{\"@type\":\"EntryPoint\",\"urlTemplate\":\"https:\\\/\\\/www.studiogatto.es\\\/fr\\\/?s={search_term_string}\"},\"query-input\":{\"@type\":\"PropertyValueSpecification\",\"valueRequired\":true,\"valueName\":\"search_term_string\"}}],\"inLanguage\":\"fr-FR\"},{\"@type\":\"Organization\",\"@id\":\"https:\\\/\\\/www.studiogatto.es\\\/fr\\\/#organization\",\"name\":\"Studio Gatto\",\"url\":\"https:\\\/\\\/www.studiogatto.es\\\/fr\\\/\",\"logo\":{\"@type\":\"ImageObject\",\"inLanguage\":\"fr-FR\",\"@id\":\"https:\\\/\\\/www.studiogatto.es\\\/fr\\\/#\\\/schema\\\/logo\\\/image\\\/\",\"url\":\"https:\\\/\\\/www.studiogatto.es\\\/wp-content\\\/uploads\\\/Nuevo-logotipo.jpg\",\"contentUrl\":\"https:\\\/\\\/www.studiogatto.es\\\/wp-content\\\/uploads\\\/Nuevo-logotipo.jpg\",\"width\":300,\"height\":167,\"caption\":\"Studio Gatto\"},\"image\":{\"@id\":\"https:\\\/\\\/www.studiogatto.es\\\/fr\\\/#\\\/schema\\\/logo\\\/image\\\/\"},\"sameAs\":[\"https:\\\/\\\/www.facebook.com\\\/studiogattocucine\",\"https:\\\/\\\/x.com\\\/studiogattosl\"]}]}<\/script>\n<!-- \/ Yoast SEO plugin. -->","yoast_head_json":{"title":"Cuisines de jardin Novara par Studio Gatto","description":"Sp\u00e9cialement con\u00e7u pour \u00eatre appr\u00e9ci\u00e9 \u00e0 l'ext\u00e9rieur, dans un jardin, social et fonctionnel. La diversit\u00e9 des couleurs et des mat\u00e9riaux permet une conception variable et personnelle.","robots":{"index":"index","follow":"follow","max-snippet":"max-snippet:-1","max-image-preview":"max-image-preview:large","max-video-preview":"max-video-preview:-1"},"canonical":"https:\/\/www.studiogatto.es\/fr\/cuisines-exterieures-novara\/","og_locale":"fr_FR","og_type":"article","og_title":"Cuisines de jardin Novara par Studio Gatto","og_description":"Sp\u00e9cialement con\u00e7u pour \u00eatre appr\u00e9ci\u00e9 \u00e0 l'ext\u00e9rieur, dans un jardin, social et fonctionnel. La diversit\u00e9 des couleurs et des mat\u00e9riaux permet une conception variable et personnelle.","og_url":"https:\/\/www.studiogatto.es\/fr\/cuisines-exterieures-novara\/","og_site_name":"Studio Gatto - Reformas, Cocinas, Ba\u00f1os","article_publisher":"https:\/\/www.facebook.com\/studiogattocucine","article_modified_time":"2023-08-30T07:35:19+00:00","twitter_card":"summary_large_image","twitter_site":"@studiogattosl","twitter_misc":{"Dur\u00e9e de lecture estim\u00e9e":"8 minutes"},"schema":{"@context":"https:\/\/schema.org","@graph":[{"@type":"WebPage","@id":"https:\/\/www.studiogatto.es\/fr\/cuisines-exterieures-novara\/","url":"https:\/\/www.studiogatto.es\/fr\/cuisines-exterieures-novara\/","name":"Cuisines de jardin Novara par Studio Gatto","isPartOf":{"@id":"https:\/\/www.studiogatto.es\/fr\/#website"},"datePublished":"2023-08-30T07:35:10+00:00","dateModified":"2023-08-30T07:35:19+00:00","description":"Sp\u00e9cialement con\u00e7u pour \u00eatre appr\u00e9ci\u00e9 \u00e0 l'ext\u00e9rieur, dans un jardin, social et fonctionnel. La diversit\u00e9 des couleurs et des mat\u00e9riaux permet une conception variable et personnelle.","breadcrumb":{"@id":"https:\/\/www.studiogatto.es\/fr\/cuisines-exterieures-novara\/#breadcrumb"},"inLanguage":"fr-FR","potentialAction":[{"@type":"ReadAction","target":["https:\/\/www.studiogatto.es\/fr\/cuisines-exterieures-novara\/"]}]},{"@type":"BreadcrumbList","@id":"https:\/\/www.studiogatto.es\/fr\/cuisines-exterieures-novara\/#breadcrumb","itemListElement":[{"@type":"ListItem","position":1,"name":"Portada","item":"https:\/\/www.studiogatto.es\/fr\/"},{"@type":"ListItem","position":2,"name":"Cuisines ext\u00e9rieures Novara"}]},{"@type":"WebSite","@id":"https:\/\/www.studiogatto.es\/fr\/#website","url":"https:\/\/www.studiogatto.es\/fr\/","name":"Studio Gatto - Reformas, Cocinas, Ba\u00f1os","description":"Reformas integrales de Cocinas y ba\u00f1os. Interiorismo. Dise\u00f1o.","publisher":{"@id":"https:\/\/www.studiogatto.es\/fr\/#organization"},"potentialAction":[{"@type":"SearchAction","target":{"@type":"EntryPoint","urlTemplate":"https:\/\/www.studiogatto.es\/fr\/?s={search_term_string}"},"query-input":{"@type":"PropertyValueSpecification","valueRequired":true,"valueName":"search_term_string"}}],"inLanguage":"fr-FR"},{"@type":"Organization","@id":"https:\/\/www.studiogatto.es\/fr\/#organization","name":"Studio Gatto","url":"https:\/\/www.studiogatto.es\/fr\/","logo":{"@type":"ImageObject","inLanguage":"fr-FR","@id":"https:\/\/www.studiogatto.es\/fr\/#\/schema\/logo\/image\/","url":"https:\/\/www.studiogatto.es\/wp-content\/uploads\/Nuevo-logotipo.jpg","contentUrl":"https:\/\/www.studiogatto.es\/wp-content\/uploads\/Nuevo-logotipo.jpg","width":300,"height":167,"caption":"Studio Gatto"},"image":{"@id":"https:\/\/www.studiogatto.es\/fr\/#\/schema\/logo\/image\/"},"sameAs":["https:\/\/www.facebook.com\/studiogattocucine","https:\/\/x.com\/studiogattosl"]}]}},"_links":{"self":[{"href":"https:\/\/www.studiogatto.es\/fr\/wp-json\/wp\/v2\/pages\/45756","targetHints":{"allow":["GET"]}}],"collection":[{"href":"https:\/\/www.studiogatto.es\/fr\/wp-json\/wp\/v2\/pages"}],"about":[{"href":"https:\/\/www.studiogatto.es\/fr\/wp-json\/wp\/v2\/types\/page"}],"author":[{"embeddable":true,"href":"https:\/\/www.studiogatto.es\/fr\/wp-json\/wp\/v2\/users\/2"}],"replies":[{"embeddable":true,"href":"https:\/\/www.studiogatto.es\/fr\/wp-json\/wp\/v2\/comments?post=45756"}],"version-history":[{"count":0,"href":"https:\/\/www.studiogatto.es\/fr\/wp-json\/wp\/v2\/pages\/45756\/revisions"}],"wp:attachment":[{"href":"https:\/\/www.studiogatto.es\/fr\/wp-json\/wp\/v2\/media?parent=45756"}],"curies":[{"name":"wp","href":"https:\/\/api.w.org\/{rel}","templated":true}]}}