{"id":56514,"date":"2024-04-06T18:40:09","date_gmt":"2024-04-06T16:40:09","guid":{"rendered":"https:\/\/www.studiogatto.es\/reformes-a-vilanova-i-la-geltru\/"},"modified":"2024-04-06T18:40:13","modified_gmt":"2024-04-06T16:40:13","slug":"reformes-a-vilanova-i-la-geltru","status":"publish","type":"page","link":"https:\/\/www.studiogatto.es\/ca\/reformes-a-vilanova-i-la-geltru\/","title":{"rendered":"Reformes a Vilanova i la Geltr\u00fa"},"content":{"rendered":"\n<div class=\"wp-block-image\"><figure class=\"aligncenter\"><img loading=\"lazy\" decoding=\"async\" width=\"800\" height=\"534\" src=\"https:\/\/www.studiogatto.es\/wp-content\/uploads\/ESPECIES-1-1.png\" alt=\"Reformes Vilanova i la Geltr&#xFA; - Studio Gatto\" class=\"wp-image-10896\" srcset=\"https:\/\/www.studiogatto.es\/wp-content\/uploads\/ESPECIES-1-1.png 800w, https:\/\/www.studiogatto.es\/wp-content\/uploads\/ESPECIES-1-1-300x200.png 300w, https:\/\/www.studiogatto.es\/wp-content\/uploads\/ESPECIES-1-1-768x513.png 768w\" sizes=\"(max-width: 800px) 100vw, 800px\" \/><\/figure><\/div>\n\n<h2 class=\"has-text-align-center wp-block-heading\">Empresa Reformes a Vilanova i la Geltr\u00fa<\/h2>\n\n<p><strong><a href=\"https:\/\/www.studiogatto.es\/ca\/\">Studio Gatto<\/a><\/strong> porta m\u00e9s de 25 anys al sector de les <strong>reformes a<\/strong> <strong>Vilanova i la Geltr\u00fa<\/strong> a la comarca del Garraf, Barcelona.<\/p>\n\n<p>Som especialistes en <strong>reformes a Vilanova i la Geltr\u00fa<\/strong> i mobiliari. Oferim i centralitzem un servei complet per reformar el teu habitatge a <strong><a href=\"https:\/\/www.vilanova.cat\/\" target=\"_blank\" rel=\"noreferrer noopener\" aria-label=\" (abre en una nueva pesta&#xF1;a)\">Vilanova i la Geltr\u00fa<\/a><\/strong> <a href=\"https:\/\/www.vilanova.cat\/\" target=\"_blank\" rel=\"noreferrer noopener\" aria-label=\" (abre en una nueva pesta&#xF1;a)\">.<\/a><\/p>\n\n<p>Sempre amb un tracte personalitzat, orientem a millorar distribuci\u00f3, materials i equipament de primera.<\/p>\n\n<p><strong>\u00c0mplia Exposici\u00f3. Visita&#8217;ns a Les nostres Oficines  <br\/><\/strong>Zona Valenti &#8211; Decathlon. Pol\u00edgon Vilanoveta<\/p>\n\n<p>Realitzem un projecte acord amb les necessitats de cada client i lliurem un pressupost detallat de la seva <strong>reforma a Vilanova i la Geltr\u00fa<\/strong> sense comprom\u00eds i de forma gratu\u00efta.<\/p>\n\n<p>Comptem amb un equip de dissenyadors i un equip t\u00e8cnic sempre coordinats per ajudar-vos a distribuir l&#8217;espai i estructurar el projecte pas a pas.<\/p>\n\n<p>Fruit del creixement el 2008 Studio Gatto obre un nou punt de venda al Vendrell a la comarca del Baix Pened\u00e8s, un ampli espai de 300m2 per oferir els seus productes i serveis a m\u00e9s clients.<\/p>\n\n<p>Aquesta evoluci\u00f3 sempre es basa en els valors que defineixen la nostra filosofia: proximitat, confian\u00e7a, comprom\u00eds.<\/p>\n\n<p>Al nostre portfoli de <strong>reformes a Vilanova i la Geltr\u00fa<\/strong> presentem dissenys personalitzats i moderns.<\/p>\n\n<p>Comptem amb un ampli equip de log\u00edstica que ens permet despla\u00e7ar-nos de manera r\u00e0pida per facilitar la reforma <strong>.<\/strong><\/p>\n\n<p>Posem a la teva disposici\u00f3 la nostra creativitat i experi\u00e8ncia per tal de crear espais pr\u00e0ctics, s\u00f2lids i est\u00e8tics per a les millors <strong>reformes<\/strong> <strong>Vilanova i la Geltr\u00fa<\/strong> .  <\/p>\n\n<p>Presentem render 3D per visualitzar el resultat final.<\/p>\n\n<p>Per oferir el nostre servei integral de reformes, disposem dels millors especialistes com: <\/p>\n\n<p><\/p>\n\n<p><\/p>\n\n<p>A la reforma del teu habitatge a Vilanova i la Geltr\u00fa comptar\u00e0s amb un equip d&#8217;industrials qualificat coordinat i supervisat pel cap d&#8217;obra durant tot el proc\u00e9s. Amb aix\u00f2 assegurem el compliment de terminis i estalvi de temps <strong>.<\/strong><\/p>\n\n<p>El nostre objectiu \u00e9s prioritzar les teves necessitats per donar-te el major confort i que gaudeixis de la millor <strong>reforma a<\/strong> <strong>Vilanova i la Geltr\u00fa<\/strong> <\/p>\n\n<p><\/p>\n\n<p><\/p>\n\n<p>Contacta <strong><a href=\"https:\/\/www.studiogatto.es\/ca\/contacte\/\">AQU\u00cd<\/a><\/strong> amb nosaltres per a m\u00e9s informaci\u00f3 sense comprom\u00eds. <\/p>\n\n<h5 class=\"has-text-align-right wp-block-heading\"><\/h5>\n","protected":false},"excerpt":{"rendered":"<p>Reformes a Vilanova i la Geltr\u00fa. Reformes Integrals de Cuines i Banys. Interiorisme &#8211; Studio Gatto<\/p>\n","protected":false},"author":2,"featured_media":0,"parent":0,"menu_order":0,"comment_status":"closed","ping_status":"closed","template":"","meta":{"_et_pb_use_builder":"off","_et_pb_old_content":"","_et_gb_content_width":"","footnotes":""},"class_list":["post-56514","page","type-page","status-publish","hentry"],"yoast_head":"<!-- This site is optimized with the Yoast SEO plugin v27.5 - https:\/\/yoast.com\/product\/yoast-seo-wordpress\/ -->\n<title>Reformes a Vilanova i la Geltr\u00fa. Reformes Integrals - Studio Gatto<\/title>\n<meta name=\"description\" content=\"Reformes a Vilanova i la Geltr\u00fa. Reformes integrals. A Studio Gatto som professionals en cuines, banys i interiorisme a Vilanova i la Geltr\u00fa.\" \/>\n<meta name=\"robots\" content=\"index, follow, max-snippet:-1, max-image-preview:large, max-video-preview:-1\" \/>\n<link rel=\"canonical\" href=\"https:\/\/www.studiogatto.es\/ca\/reformes-a-vilanova-i-la-geltru\/\" \/>\n<meta property=\"og:locale\" content=\"ca_ES\" \/>\n<meta property=\"og:type\" content=\"article\" \/>\n<meta property=\"og:title\" content=\"Reformes a Vilanova i la Geltr\u00fa. Reformes Integrals - Studio Gatto\" \/>\n<meta property=\"og:description\" content=\"Reformes a Vilanova i la Geltr\u00fa. Reformes integrals. A Studio Gatto som professionals en cuines, banys i interiorisme a Vilanova i la Geltr\u00fa.\" \/>\n<meta property=\"og:url\" content=\"https:\/\/www.studiogatto.es\/ca\/reformes-a-vilanova-i-la-geltru\/\" \/>\n<meta property=\"og:site_name\" content=\"Studio Gatto - Cuines i Banys\" \/>\n<meta property=\"article:publisher\" content=\"https:\/\/www.facebook.com\/studiogattocucine\" \/>\n<meta property=\"article:modified_time\" content=\"2024-04-06T16:40:13+00:00\" \/>\n<meta property=\"og:image\" content=\"https:\/\/www.studiogatto.es\/wp-content\/uploads\/ESPECIES-1-1.png\" \/>\n<meta name=\"twitter:card\" content=\"summary_large_image\" \/>\n<meta name=\"twitter:site\" content=\"@studiogattosl\" \/>\n<meta name=\"twitter:label1\" content=\"Temps estimat de lectura\" \/>\n\t<meta name=\"twitter:data1\" content=\"2 minuts\" \/>\n<script type=\"application\/ld+json\" class=\"yoast-schema-graph\">{\"@context\":\"https:\\\/\\\/schema.org\",\"@graph\":[{\"@type\":\"WebPage\",\"@id\":\"https:\\\/\\\/www.studiogatto.es\\\/ca\\\/reformes-a-vilanova-i-la-geltru\\\/\",\"url\":\"https:\\\/\\\/www.studiogatto.es\\\/ca\\\/reformes-a-vilanova-i-la-geltru\\\/\",\"name\":\"Reformes a Vilanova i la Geltr\u00fa. Reformes Integrals - Studio Gatto\",\"isPartOf\":{\"@id\":\"https:\\\/\\\/www.studiogatto.es\\\/ca\\\/#website\"},\"primaryImageOfPage\":{\"@id\":\"https:\\\/\\\/www.studiogatto.es\\\/ca\\\/reformes-a-vilanova-i-la-geltru\\\/#primaryimage\"},\"image\":{\"@id\":\"https:\\\/\\\/www.studiogatto.es\\\/ca\\\/reformes-a-vilanova-i-la-geltru\\\/#primaryimage\"},\"thumbnailUrl\":\"https:\\\/\\\/www.studiogatto.es\\\/wp-content\\\/uploads\\\/ESPECIES-1-1.png\",\"datePublished\":\"2024-04-06T16:40:09+00:00\",\"dateModified\":\"2024-04-06T16:40:13+00:00\",\"description\":\"Reformes a Vilanova i la Geltr\u00fa. Reformes integrals. A Studio Gatto som professionals en cuines, banys i interiorisme a Vilanova i la Geltr\u00fa.\",\"breadcrumb\":{\"@id\":\"https:\\\/\\\/www.studiogatto.es\\\/ca\\\/reformes-a-vilanova-i-la-geltru\\\/#breadcrumb\"},\"inLanguage\":\"ca\",\"potentialAction\":[{\"@type\":\"ReadAction\",\"target\":[\"https:\\\/\\\/www.studiogatto.es\\\/ca\\\/reformes-a-vilanova-i-la-geltru\\\/\"]}]},{\"@type\":\"ImageObject\",\"inLanguage\":\"ca\",\"@id\":\"https:\\\/\\\/www.studiogatto.es\\\/ca\\\/reformes-a-vilanova-i-la-geltru\\\/#primaryimage\",\"url\":\"https:\\\/\\\/www.studiogatto.es\\\/wp-content\\\/uploads\\\/ESPECIES-1-1.png\",\"contentUrl\":\"https:\\\/\\\/www.studiogatto.es\\\/wp-content\\\/uploads\\\/ESPECIES-1-1.png\"},{\"@type\":\"BreadcrumbList\",\"@id\":\"https:\\\/\\\/www.studiogatto.es\\\/ca\\\/reformes-a-vilanova-i-la-geltru\\\/#breadcrumb\",\"itemListElement\":[{\"@type\":\"ListItem\",\"position\":1,\"name\":\"Portada\",\"item\":\"https:\\\/\\\/www.studiogatto.es\\\/ca\\\/\"},{\"@type\":\"ListItem\",\"position\":2,\"name\":\"Reformes a Vilanova i la Geltr\u00fa\"}]},{\"@type\":\"WebSite\",\"@id\":\"https:\\\/\\\/www.studiogatto.es\\\/ca\\\/#website\",\"url\":\"https:\\\/\\\/www.studiogatto.es\\\/ca\\\/\",\"name\":\"Studio Gatto - Cuines i Banys\",\"description\":\"Reformas integrales de Cocinas y ba\u00f1os. Interiorismo. Dise\u00f1o.\",\"publisher\":{\"@id\":\"https:\\\/\\\/www.studiogatto.es\\\/ca\\\/#organization\"},\"potentialAction\":[{\"@type\":\"SearchAction\",\"target\":{\"@type\":\"EntryPoint\",\"urlTemplate\":\"https:\\\/\\\/www.studiogatto.es\\\/ca\\\/?s={search_term_string}\"},\"query-input\":{\"@type\":\"PropertyValueSpecification\",\"valueRequired\":true,\"valueName\":\"search_term_string\"}}],\"inLanguage\":\"ca\"},{\"@type\":\"Organization\",\"@id\":\"https:\\\/\\\/www.studiogatto.es\\\/ca\\\/#organization\",\"name\":\"Studio Gatto\",\"url\":\"https:\\\/\\\/www.studiogatto.es\\\/ca\\\/\",\"logo\":{\"@type\":\"ImageObject\",\"inLanguage\":\"ca\",\"@id\":\"https:\\\/\\\/www.studiogatto.es\\\/ca\\\/#\\\/schema\\\/logo\\\/image\\\/\",\"url\":\"https:\\\/\\\/www.studiogatto.es\\\/wp-content\\\/uploads\\\/Nuevo-logotipo.jpg\",\"contentUrl\":\"https:\\\/\\\/www.studiogatto.es\\\/wp-content\\\/uploads\\\/Nuevo-logotipo.jpg\",\"width\":300,\"height\":167,\"caption\":\"Studio Gatto\"},\"image\":{\"@id\":\"https:\\\/\\\/www.studiogatto.es\\\/ca\\\/#\\\/schema\\\/logo\\\/image\\\/\"},\"sameAs\":[\"https:\\\/\\\/www.facebook.com\\\/studiogattocucine\",\"https:\\\/\\\/x.com\\\/studiogattosl\"]}]}<\/script>\n<!-- \/ Yoast SEO plugin. -->","yoast_head_json":{"title":"Reformes a Vilanova i la Geltr\u00fa. Reformes Integrals - Studio Gatto","description":"Reformes a Vilanova i la Geltr\u00fa. Reformes integrals. A Studio Gatto som professionals en cuines, banys i interiorisme a Vilanova i la Geltr\u00fa.","robots":{"index":"index","follow":"follow","max-snippet":"max-snippet:-1","max-image-preview":"max-image-preview:large","max-video-preview":"max-video-preview:-1"},"canonical":"https:\/\/www.studiogatto.es\/ca\/reformes-a-vilanova-i-la-geltru\/","og_locale":"ca_ES","og_type":"article","og_title":"Reformes a Vilanova i la Geltr\u00fa. Reformes Integrals - Studio Gatto","og_description":"Reformes a Vilanova i la Geltr\u00fa. Reformes integrals. A Studio Gatto som professionals en cuines, banys i interiorisme a Vilanova i la Geltr\u00fa.","og_url":"https:\/\/www.studiogatto.es\/ca\/reformes-a-vilanova-i-la-geltru\/","og_site_name":"Studio Gatto - Cuines i Banys","article_publisher":"https:\/\/www.facebook.com\/studiogattocucine","article_modified_time":"2024-04-06T16:40:13+00:00","og_image":[{"url":"https:\/\/www.studiogatto.es\/wp-content\/uploads\/ESPECIES-1-1.png","type":"","width":"","height":""}],"twitter_card":"summary_large_image","twitter_site":"@studiogattosl","twitter_misc":{"Temps estimat de lectura":"2 minuts"},"schema":{"@context":"https:\/\/schema.org","@graph":[{"@type":"WebPage","@id":"https:\/\/www.studiogatto.es\/ca\/reformes-a-vilanova-i-la-geltru\/","url":"https:\/\/www.studiogatto.es\/ca\/reformes-a-vilanova-i-la-geltru\/","name":"Reformes a Vilanova i la Geltr\u00fa. Reformes Integrals - Studio Gatto","isPartOf":{"@id":"https:\/\/www.studiogatto.es\/ca\/#website"},"primaryImageOfPage":{"@id":"https:\/\/www.studiogatto.es\/ca\/reformes-a-vilanova-i-la-geltru\/#primaryimage"},"image":{"@id":"https:\/\/www.studiogatto.es\/ca\/reformes-a-vilanova-i-la-geltru\/#primaryimage"},"thumbnailUrl":"https:\/\/www.studiogatto.es\/wp-content\/uploads\/ESPECIES-1-1.png","datePublished":"2024-04-06T16:40:09+00:00","dateModified":"2024-04-06T16:40:13+00:00","description":"Reformes a Vilanova i la Geltr\u00fa. Reformes integrals. A Studio Gatto som professionals en cuines, banys i interiorisme a Vilanova i la Geltr\u00fa.","breadcrumb":{"@id":"https:\/\/www.studiogatto.es\/ca\/reformes-a-vilanova-i-la-geltru\/#breadcrumb"},"inLanguage":"ca","potentialAction":[{"@type":"ReadAction","target":["https:\/\/www.studiogatto.es\/ca\/reformes-a-vilanova-i-la-geltru\/"]}]},{"@type":"ImageObject","inLanguage":"ca","@id":"https:\/\/www.studiogatto.es\/ca\/reformes-a-vilanova-i-la-geltru\/#primaryimage","url":"https:\/\/www.studiogatto.es\/wp-content\/uploads\/ESPECIES-1-1.png","contentUrl":"https:\/\/www.studiogatto.es\/wp-content\/uploads\/ESPECIES-1-1.png"},{"@type":"BreadcrumbList","@id":"https:\/\/www.studiogatto.es\/ca\/reformes-a-vilanova-i-la-geltru\/#breadcrumb","itemListElement":[{"@type":"ListItem","position":1,"name":"Portada","item":"https:\/\/www.studiogatto.es\/ca\/"},{"@type":"ListItem","position":2,"name":"Reformes a Vilanova i la Geltr\u00fa"}]},{"@type":"WebSite","@id":"https:\/\/www.studiogatto.es\/ca\/#website","url":"https:\/\/www.studiogatto.es\/ca\/","name":"Studio Gatto - Cuines i Banys","description":"Reformas integrales de Cocinas y ba\u00f1os. Interiorismo. Dise\u00f1o.","publisher":{"@id":"https:\/\/www.studiogatto.es\/ca\/#organization"},"potentialAction":[{"@type":"SearchAction","target":{"@type":"EntryPoint","urlTemplate":"https:\/\/www.studiogatto.es\/ca\/?s={search_term_string}"},"query-input":{"@type":"PropertyValueSpecification","valueRequired":true,"valueName":"search_term_string"}}],"inLanguage":"ca"},{"@type":"Organization","@id":"https:\/\/www.studiogatto.es\/ca\/#organization","name":"Studio Gatto","url":"https:\/\/www.studiogatto.es\/ca\/","logo":{"@type":"ImageObject","inLanguage":"ca","@id":"https:\/\/www.studiogatto.es\/ca\/#\/schema\/logo\/image\/","url":"https:\/\/www.studiogatto.es\/wp-content\/uploads\/Nuevo-logotipo.jpg","contentUrl":"https:\/\/www.studiogatto.es\/wp-content\/uploads\/Nuevo-logotipo.jpg","width":300,"height":167,"caption":"Studio Gatto"},"image":{"@id":"https:\/\/www.studiogatto.es\/ca\/#\/schema\/logo\/image\/"},"sameAs":["https:\/\/www.facebook.com\/studiogattocucine","https:\/\/x.com\/studiogattosl"]}]}},"_links":{"self":[{"href":"https:\/\/www.studiogatto.es\/ca\/wp-json\/wp\/v2\/pages\/56514","targetHints":{"allow":["GET"]}}],"collection":[{"href":"https:\/\/www.studiogatto.es\/ca\/wp-json\/wp\/v2\/pages"}],"about":[{"href":"https:\/\/www.studiogatto.es\/ca\/wp-json\/wp\/v2\/types\/page"}],"author":[{"embeddable":true,"href":"https:\/\/www.studiogatto.es\/ca\/wp-json\/wp\/v2\/users\/2"}],"replies":[{"embeddable":true,"href":"https:\/\/www.studiogatto.es\/ca\/wp-json\/wp\/v2\/comments?post=56514"}],"version-history":[{"count":1,"href":"https:\/\/www.studiogatto.es\/ca\/wp-json\/wp\/v2\/pages\/56514\/revisions"}],"predecessor-version":[{"id":56516,"href":"https:\/\/www.studiogatto.es\/ca\/wp-json\/wp\/v2\/pages\/56514\/revisions\/56516"}],"wp:attachment":[{"href":"https:\/\/www.studiogatto.es\/ca\/wp-json\/wp\/v2\/media?parent=56514"}],"curies":[{"name":"wp","href":"https:\/\/api.w.org\/{rel}","templated":true}]}}